{"id":20337,"date":"2024-01-08T21:08:25","date_gmt":"2024-01-08T21:08:25","guid":{"rendered":"https:\/\/www.immobilien-suedtirol.bz.it\/?post_type=immobile&#038;p=20337"},"modified":"2024-01-08T21:08:25","modified_gmt":"2024-01-08T21:08:25","slug":"vendesi-incantevole-edificio-storico-infinite-superfici-giardino-privato-2","status":"publish","type":"immobile","link":"https:\/\/www.immobilien-suedtirol.bz.it\/de\/immobile\/vendesi-incantevole-edificio-storico-infinite-superfici-giardino-privato-2\/","title":{"rendered":"191563114"},"content":{"rendered":"<p>Wunderbares antikes Gem\u00e4uer \u2013 Fl\u00e4chen ohne Ende \u2013 mit gem\u00fctlichem und sch\u00f6nem Garten im Verkauf! Der Titel dieser Anzeige ist keineswegs \u00fcbertrieben. Es handelt sich hier um eine besondere Immobilie, welche gewerblich gen\u00fctzt werden sollte. Die Fotos sprechen B\u00e4nde und mit etwas Phantasie kann man aus diesen antiken Gem\u00e4uern unwahrscheinliches zum Vorschein bringen. Die Immobilie befindet sich im Gemeindegebiet von Salurn in wunderbarer Panoramalage. Das sagenumwobene Gem\u00e4uer steht nat\u00fcrlich unter Denkmalschutz. Rundb\u00f6gen, \u00fcberdimensionale Raumh\u00f6hen, riesengro\u00dfe Tore und ein ca. 2700 m\u00b2 gro\u00dfer Privatgarten s\u00e4umen die Gem\u00e4uer. Das Geb\u00e4ude hat eine Grundfl\u00e4che 1500 m\u00b2. APE G<\/p>\n","protected":false},"author":0,"featured_media":20319,"template":"","categories":[],"tags":[],"class_list":["post-20337","immobile","type-immobile","status-publish","has-post-thumbnail"],"acf":[],"yoast_head":"<!-- This site is optimized with the Yoast SEO plugin v27.4 - https:\/\/yoast.com\/product\/yoast-seo-wordpress\/ -->\n<title>191563114 - Studio Immobiliare Zingerle Stefan<\/title>\n<meta name=\"robots\" content=\"index, follow, max-snippet:-1, max-image-preview:large, max-video-preview:-1\" \/>\n<link rel=\"canonical\" href=\"https:\/\/www.immobilien-suedtirol.bz.it\/de\/immobile\/vendesi-incantevole-edificio-storico-infinite-superfici-giardino-privato-2\/\" \/>\n<meta property=\"og:locale\" content=\"de_DE\" \/>\n<meta property=\"og:type\" content=\"article\" \/>\n<meta property=\"og:title\" content=\"191563114 - Studio Immobiliare Zingerle Stefan\" \/>\n<meta property=\"og:description\" content=\"Wunderbares antikes Gem\u00e4uer \u2013 Fl\u00e4chen ohne Ende \u2013 mit gem\u00fctlichem und sch\u00f6nem Garten im Verkauf! Der Titel dieser Anzeige ist keineswegs \u00fcbertrieben. Es handelt sich hier um eine besondere Immobilie,...\" \/>\n<meta property=\"og:url\" content=\"https:\/\/www.immobilien-suedtirol.bz.it\/de\/immobile\/vendesi-incantevole-edificio-storico-infinite-superfici-giardino-privato-2\/\" \/>\n<meta property=\"og:site_name\" content=\"Studio Immobiliare Zingerle Stefan\" \/>\n<meta property=\"og:image\" content=\"https:\/\/www.immobilien-suedtirol.bz.it\/wp-content\/uploads\/2024\/01\/55818285m.jpg\" \/>\n\t<meta property=\"og:image:width\" content=\"600\" \/>\n\t<meta property=\"og:image:height\" content=\"449\" \/>\n\t<meta property=\"og:image:type\" content=\"image\/jpeg\" \/>\n<meta name=\"twitter:card\" content=\"summary_large_image\" \/>\n<meta name=\"twitter:label1\" content=\"Gesch\u00e4tzte Lesezeit\" \/>\n\t<meta name=\"twitter:data1\" content=\"1\u00a0Minute\" \/>\n<script type=\"application\/ld+json\" class=\"yoast-schema-graph\">{\"@context\":\"https:\\\/\\\/schema.org\",\"@graph\":[{\"@type\":\"WebPage\",\"@id\":\"https:\\\/\\\/www.immobilien-suedtirol.bz.it\\\/de\\\/immobile\\\/vendesi-incantevole-edificio-storico-infinite-superfici-giardino-privato-2\\\/\",\"url\":\"https:\\\/\\\/www.immobilien-suedtirol.bz.it\\\/de\\\/immobile\\\/vendesi-incantevole-edificio-storico-infinite-superfici-giardino-privato-2\\\/\",\"name\":\"191563114 - Studio Immobiliare Zingerle Stefan\",\"isPartOf\":{\"@id\":\"https:\\\/\\\/www.immobilien-suedtirol.bz.it\\\/de\\\/#website\"},\"primaryImageOfPage\":{\"@id\":\"https:\\\/\\\/www.immobilien-suedtirol.bz.it\\\/de\\\/immobile\\\/vendesi-incantevole-edificio-storico-infinite-superfici-giardino-privato-2\\\/#primaryimage\"},\"image\":{\"@id\":\"https:\\\/\\\/www.immobilien-suedtirol.bz.it\\\/de\\\/immobile\\\/vendesi-incantevole-edificio-storico-infinite-superfici-giardino-privato-2\\\/#primaryimage\"},\"thumbnailUrl\":\"https:\\\/\\\/www.immobilien-suedtirol.bz.it\\\/wp-content\\\/uploads\\\/2024\\\/01\\\/55818285m.jpg\",\"datePublished\":\"2024-01-08T21:08:25+00:00\",\"breadcrumb\":{\"@id\":\"https:\\\/\\\/www.immobilien-suedtirol.bz.it\\\/de\\\/immobile\\\/vendesi-incantevole-edificio-storico-infinite-superfici-giardino-privato-2\\\/#breadcrumb\"},\"inLanguage\":\"de\",\"potentialAction\":[{\"@type\":\"ReadAction\",\"target\":[\"https:\\\/\\\/www.immobilien-suedtirol.bz.it\\\/de\\\/immobile\\\/vendesi-incantevole-edificio-storico-infinite-superfici-giardino-privato-2\\\/\"]}]},{\"@type\":\"ImageObject\",\"inLanguage\":\"de\",\"@id\":\"https:\\\/\\\/www.immobilien-suedtirol.bz.it\\\/de\\\/immobile\\\/vendesi-incantevole-edificio-storico-infinite-superfici-giardino-privato-2\\\/#primaryimage\",\"url\":\"https:\\\/\\\/www.immobilien-suedtirol.bz.it\\\/wp-content\\\/uploads\\\/2024\\\/01\\\/55818285m.jpg\",\"contentUrl\":\"https:\\\/\\\/www.immobilien-suedtirol.bz.it\\\/wp-content\\\/uploads\\\/2024\\\/01\\\/55818285m.jpg\",\"width\":600,\"height\":449},{\"@type\":\"BreadcrumbList\",\"@id\":\"https:\\\/\\\/www.immobilien-suedtirol.bz.it\\\/de\\\/immobile\\\/vendesi-incantevole-edificio-storico-infinite-superfici-giardino-privato-2\\\/#breadcrumb\",\"itemListElement\":[{\"@type\":\"ListItem\",\"position\":1,\"name\":\"Home\",\"item\":\"https:\\\/\\\/www.immobilien-suedtirol.bz.it\\\/de\\\/\"},{\"@type\":\"ListItem\",\"position\":2,\"name\":\"191563114\"}]},{\"@type\":\"WebSite\",\"@id\":\"https:\\\/\\\/www.immobilien-suedtirol.bz.it\\\/de\\\/#website\",\"url\":\"https:\\\/\\\/www.immobilien-suedtirol.bz.it\\\/de\\\/\",\"name\":\"Studio Immobiliare Zingerle Stefan\",\"description\":\"Al Suo fianco nella compravendita immobiliare\",\"publisher\":{\"@id\":\"https:\\\/\\\/www.immobilien-suedtirol.bz.it\\\/de\\\/#organization\"},\"potentialAction\":[{\"@type\":\"SearchAction\",\"target\":{\"@type\":\"EntryPoint\",\"urlTemplate\":\"https:\\\/\\\/www.immobilien-suedtirol.bz.it\\\/de\\\/?s={search_term_string}\"},\"query-input\":{\"@type\":\"PropertyValueSpecification\",\"valueRequired\":true,\"valueName\":\"search_term_string\"}}],\"inLanguage\":\"de\"},{\"@type\":\"Organization\",\"@id\":\"https:\\\/\\\/www.immobilien-suedtirol.bz.it\\\/de\\\/#organization\",\"name\":\"Studio Immobiliare Zingerle Stefan\",\"url\":\"https:\\\/\\\/www.immobilien-suedtirol.bz.it\\\/de\\\/\",\"logo\":{\"@type\":\"ImageObject\",\"inLanguage\":\"de\",\"@id\":\"https:\\\/\\\/www.immobilien-suedtirol.bz.it\\\/de\\\/#\\\/schema\\\/logo\\\/image\\\/\",\"url\":\"https:\\\/\\\/www.immobilien-suedtirol.bz.it\\\/wp-content\\\/uploads\\\/2024\\\/08\\\/studio-immobiliare-zingerle-colori.png\",\"contentUrl\":\"https:\\\/\\\/www.immobilien-suedtirol.bz.it\\\/wp-content\\\/uploads\\\/2024\\\/08\\\/studio-immobiliare-zingerle-colori.png\",\"width\":3841,\"height\":2161,\"caption\":\"Studio Immobiliare Zingerle Stefan\"},\"image\":{\"@id\":\"https:\\\/\\\/www.immobilien-suedtirol.bz.it\\\/de\\\/#\\\/schema\\\/logo\\\/image\\\/\"}}]}<\/script>\n<!-- \/ Yoast SEO plugin. -->","yoast_head_json":{"title":"191563114 - Studio Immobiliare Zingerle Stefan","robots":{"index":"index","follow":"follow","max-snippet":"max-snippet:-1","max-image-preview":"max-image-preview:large","max-video-preview":"max-video-preview:-1"},"canonical":"https:\/\/www.immobilien-suedtirol.bz.it\/de\/immobile\/vendesi-incantevole-edificio-storico-infinite-superfici-giardino-privato-2\/","og_locale":"de_DE","og_type":"article","og_title":"191563114 - Studio Immobiliare Zingerle Stefan","og_description":"Wunderbares antikes Gem\u00e4uer \u2013 Fl\u00e4chen ohne Ende \u2013 mit gem\u00fctlichem und sch\u00f6nem Garten im Verkauf! Der Titel dieser Anzeige ist keineswegs \u00fcbertrieben. Es handelt sich hier um eine besondere Immobilie,...","og_url":"https:\/\/www.immobilien-suedtirol.bz.it\/de\/immobile\/vendesi-incantevole-edificio-storico-infinite-superfici-giardino-privato-2\/","og_site_name":"Studio Immobiliare Zingerle Stefan","og_image":[{"width":600,"height":449,"url":"https:\/\/www.immobilien-suedtirol.bz.it\/wp-content\/uploads\/2024\/01\/55818285m.jpg","type":"image\/jpeg"}],"twitter_card":"summary_large_image","twitter_misc":{"Gesch\u00e4tzte Lesezeit":"1\u00a0Minute"},"schema":{"@context":"https:\/\/schema.org","@graph":[{"@type":"WebPage","@id":"https:\/\/www.immobilien-suedtirol.bz.it\/de\/immobile\/vendesi-incantevole-edificio-storico-infinite-superfici-giardino-privato-2\/","url":"https:\/\/www.immobilien-suedtirol.bz.it\/de\/immobile\/vendesi-incantevole-edificio-storico-infinite-superfici-giardino-privato-2\/","name":"191563114 - Studio Immobiliare Zingerle Stefan","isPartOf":{"@id":"https:\/\/www.immobilien-suedtirol.bz.it\/de\/#website"},"primaryImageOfPage":{"@id":"https:\/\/www.immobilien-suedtirol.bz.it\/de\/immobile\/vendesi-incantevole-edificio-storico-infinite-superfici-giardino-privato-2\/#primaryimage"},"image":{"@id":"https:\/\/www.immobilien-suedtirol.bz.it\/de\/immobile\/vendesi-incantevole-edificio-storico-infinite-superfici-giardino-privato-2\/#primaryimage"},"thumbnailUrl":"https:\/\/www.immobilien-suedtirol.bz.it\/wp-content\/uploads\/2024\/01\/55818285m.jpg","datePublished":"2024-01-08T21:08:25+00:00","breadcrumb":{"@id":"https:\/\/www.immobilien-suedtirol.bz.it\/de\/immobile\/vendesi-incantevole-edificio-storico-infinite-superfici-giardino-privato-2\/#breadcrumb"},"inLanguage":"de","potentialAction":[{"@type":"ReadAction","target":["https:\/\/www.immobilien-suedtirol.bz.it\/de\/immobile\/vendesi-incantevole-edificio-storico-infinite-superfici-giardino-privato-2\/"]}]},{"@type":"ImageObject","inLanguage":"de","@id":"https:\/\/www.immobilien-suedtirol.bz.it\/de\/immobile\/vendesi-incantevole-edificio-storico-infinite-superfici-giardino-privato-2\/#primaryimage","url":"https:\/\/www.immobilien-suedtirol.bz.it\/wp-content\/uploads\/2024\/01\/55818285m.jpg","contentUrl":"https:\/\/www.immobilien-suedtirol.bz.it\/wp-content\/uploads\/2024\/01\/55818285m.jpg","width":600,"height":449},{"@type":"BreadcrumbList","@id":"https:\/\/www.immobilien-suedtirol.bz.it\/de\/immobile\/vendesi-incantevole-edificio-storico-infinite-superfici-giardino-privato-2\/#breadcrumb","itemListElement":[{"@type":"ListItem","position":1,"name":"Home","item":"https:\/\/www.immobilien-suedtirol.bz.it\/de\/"},{"@type":"ListItem","position":2,"name":"191563114"}]},{"@type":"WebSite","@id":"https:\/\/www.immobilien-suedtirol.bz.it\/de\/#website","url":"https:\/\/www.immobilien-suedtirol.bz.it\/de\/","name":"Studio Immobiliare Zingerle Stefan","description":"Al Suo fianco nella compravendita immobiliare","publisher":{"@id":"https:\/\/www.immobilien-suedtirol.bz.it\/de\/#organization"},"potentialAction":[{"@type":"SearchAction","target":{"@type":"EntryPoint","urlTemplate":"https:\/\/www.immobilien-suedtirol.bz.it\/de\/?s={search_term_string}"},"query-input":{"@type":"PropertyValueSpecification","valueRequired":true,"valueName":"search_term_string"}}],"inLanguage":"de"},{"@type":"Organization","@id":"https:\/\/www.immobilien-suedtirol.bz.it\/de\/#organization","name":"Studio Immobiliare Zingerle Stefan","url":"https:\/\/www.immobilien-suedtirol.bz.it\/de\/","logo":{"@type":"ImageObject","inLanguage":"de","@id":"https:\/\/www.immobilien-suedtirol.bz.it\/de\/#\/schema\/logo\/image\/","url":"https:\/\/www.immobilien-suedtirol.bz.it\/wp-content\/uploads\/2024\/08\/studio-immobiliare-zingerle-colori.png","contentUrl":"https:\/\/www.immobilien-suedtirol.bz.it\/wp-content\/uploads\/2024\/08\/studio-immobiliare-zingerle-colori.png","width":3841,"height":2161,"caption":"Studio Immobiliare Zingerle Stefan"},"image":{"@id":"https:\/\/www.immobilien-suedtirol.bz.it\/de\/#\/schema\/logo\/image\/"}}]}},"_links":{"self":[{"href":"https:\/\/www.immobilien-suedtirol.bz.it\/de\/wp-json\/wp\/v2\/immobile\/20337","targetHints":{"allow":["GET"]}}],"collection":[{"href":"https:\/\/www.immobilien-suedtirol.bz.it\/de\/wp-json\/wp\/v2\/immobile"}],"about":[{"href":"https:\/\/www.immobilien-suedtirol.bz.it\/de\/wp-json\/wp\/v2\/types\/immobile"}],"wp:featuredmedia":[{"embeddable":true,"href":"https:\/\/www.immobilien-suedtirol.bz.it\/de\/wp-json\/wp\/v2\/media\/20319"}],"wp:attachment":[{"href":"https:\/\/www.immobilien-suedtirol.bz.it\/de\/wp-json\/wp\/v2\/media?parent=20337"}],"wp:term":[{"taxonomy":"category","embeddable":true,"href":"https:\/\/www.immobilien-suedtirol.bz.it\/de\/wp-json\/wp\/v2\/categories?post=20337"},{"taxonomy":"post_tag","embeddable":true,"href":"https:\/\/www.immobilien-suedtirol.bz.it\/de\/wp-json\/wp\/v2\/tags?post=20337"}],"curies":[{"name":"wp","href":"https:\/\/api.w.org\/{rel}","templated":true}]}}